{"id":88,"date":"2017-12-29T11:43:42","date_gmt":"2017-12-29T09:43:42","guid":{"rendered":"http:\/\/studiominnakoski.com\/?page_id=88"},"modified":"2025-08-03T23:46:41","modified_gmt":"2025-08-03T21:46:41","slug":"danzare-kilpa-esiintymisryhma","status":"publish","type":"page","link":"http:\/\/studiominnakoski.com\/?page_id=88","title":{"rendered":"DANZARE &#8211; kilpa- &#038; esiintymisryhm\u00e4"},"content":{"rendered":"<h5><\/h5>\n<h5><img loading=\"lazy\" decoding=\"async\" class=\"alignnone size-medium wp-image-110\" src=\"http:\/\/studiominnakoski.com\/wp-content\/uploads\/2018\/07\/danzare-akro-1-300x191.jpg\" alt=\"\" width=\"300\" height=\"191\" srcset=\"http:\/\/studiominnakoski.com\/wp-content\/uploads\/2018\/07\/danzare-akro-1-300x191.jpg 300w, http:\/\/studiominnakoski.com\/wp-content\/uploads\/2018\/07\/danzare-akro-1-768x488.jpg 768w, http:\/\/studiominnakoski.com\/wp-content\/uploads\/2018\/07\/danzare-akro-1-1024x651.jpg 1024w, http:\/\/studiominnakoski.com\/wp-content\/uploads\/2018\/07\/danzare-akro-1.jpg 1062w\" sizes=\"(max-width: 300px) 100vw, 300px\" \/><\/h5>\n<h5>Tanssistudion oma kilpa- &amp; esiintymisryhm\u00e4 DANZARE on toiminut syksyst\u00e4 2014 asti.<\/h5>\n<p>Maaliskuussa 2024 perustettiin uusi ryhm\u00e4 Danzare junior, jossa tanssivat Ella J\u00e4rvinen, Henriikka Kinnanen, Iida Yl\u00e4-Jarkko, Senja Pohjolainen ja Sanni Poskiparta. Syksyll\u00e4 2025 ryhm\u00e4ss\u00e4 aloittaa my\u00f6s Villa Murtagh.<\/p>\n<p>Ryhm\u00e4\u00e4n voi hakea seuraavaksi tanssivuodeksi (syksy-kev\u00e4t) aina touko\/kes\u00e4kuussa valintatestien kautta kaikki samana vuonna 12 vuotta t\u00e4ytt\u00e4v\u00e4t. Valintatesteihin ilmoittaudutaan etuk\u00e4teen\u00a0 eli seuraa ilmoittelua tanssistudion facebookissa ja instagramissa.<\/p>\n<p>Huom! SIVUN P\u00c4IVITYS KESKEN!<\/p>\n<p>Danzaressa tanssivat tanssisvuoden 2023-24, 2024-25, 2025-26 Aino Junttila ja Anniina Junttila<\/p>\n<p>Danzaressa tanssivat tanssivuoden 2022-23 Aino Junttila, Anniina Junttila, Katariina Merinen ja Melina Jalonen<\/p>\n<p>Danzaressa tanssivat tanssivuoden 2021-22\u00a0 Nita Savela, Aino Junttila, Anniina Junttila, Sylvi R\u00e4s\u00e4nen, Katariina Merinen ja Melina Jalonen.<\/p>\n<p>Danzaressa tanssivat tanssivuoden 2020-21\u00a0 Nita Savela, Pihla Tiensuu (syksy 2021), Aino Junttila, Anniina Junttila, Sylvi R\u00e4s\u00e4nen, Katariina Merinen, Melina Jalonen, Sanni Haapanen (syksy 2021) ja Vilma Haapanen(syksy 2021) (Et\u00e4tanssijana Amanda Orpana).<\/p>\n<p>Danzaressa tanssivat tanssivuoden 2019-20 Amanda Orpana, Nita Savela, Pihla Tiensuu, Aino Junttila, Anniina Junttila, Sylvi R\u00e4s\u00e4nen, Katariina Merinen, Melina Jalonen, Sanni Haapanen ja Vilma Haapanen. (Et\u00e4tanssijana Matilda Orpana)<\/p>\n<p>Kisat:<\/p>\n<ul>\n<li>8.12.19 Dance &amp; Show<\/li>\n<li>14.12.19 XMagic Move<\/li>\n<li>15.2.20 Nuori Kulttuuri Moves aluetanssitapahtuma, Humppila<\/li>\n<\/ul>\n<p>Esiintymiset:<\/p>\n<ul>\n<li>\u00a07.9.2019 Danzare 5v-tanssin\u00e4yt\u00f6s Hyrkin Suuliteatterissa<\/li>\n<li>1.12.2019 Tanssistudio Minna Kosken tanssin\u00e4yt\u00f6s Dance is my life Sylv\u00e4\u00e4n auditoriossa<\/li>\n<li>11.12.2019 joulujuhlat tanssistudiolla<\/li>\n<li>10.1.2020 Sastamala tanssii-tapahtuma Torikeskuksessa<\/li>\n<li>25.1.2020 Vammalan Rotareiden 70v-juhlat Seukulla<\/li>\n<\/ul>\n<p>Danzaressa tanssivat tanssivuoden 2018-19 Amanda Orpana, Nita Savela, Sanni Rusama, Pihla Tiensuu, Aino Junttila, Anniina Junttila, Anni Rajala, Sylvi R\u00e4s\u00e4nen ja Katariina Merinen. (Et\u00e4tanssijana Matilda Orpana)<\/p>\n<p>Danzaressa tanssivat tanssivuoden 2017-18 Fanni Anttoora, Matilda Orpana, Amanda Orpana, Nita Savela, Pihla Tiensuu, Aino Junttila ja Anniina Junttila. Sanni Rusama oli mukana kev\u00e4\u00e4n 2018.<\/p>\n<p>Kisat:<\/p>\n<ul>\n<li>Dance &amp; Show<\/li>\n<li>Dance &amp; Show<\/li>\n<\/ul>\n<p>Esiintymiset:<\/p>\n<ul>\n<li>Tanssistudion SUOMI 100v-Juhlatanssin\u00e4yt\u00f6s 3.12.17 Sylv\u00e4\u00e4n koulun auditoriossa<\/li>\n<li>11.12.17 Anninpirtti<\/li>\n<li>14.12.17 tanssistudion joulujuhlat<\/li>\n<\/ul>\n<p>Danzaressa tanssivat tanssivuoden 2016-17 Fanni Anttoora, Matilda Orpana, Amanda Orpana, Sanni Rusama ja Nita Savela.<\/p>\n<p>Kisat:<\/p>\n<ul>\n<li>Tyrv\u00e4\u00e4 Talent<\/li>\n<li>Iittalassa Tanssitaan<\/li>\n<li>Dance &amp; Show Me<\/li>\n<li>Nuori Kulttuuri MOVES<\/li>\n<li>Magic Move<\/li>\n<li>Py\u00f6rre<\/li>\n<\/ul>\n<p>Esiintymiset:<\/p>\n<ul>\n<li>Jungle Go- tanssi- &amp; sirkusn\u00e4yt\u00f6s yhdess\u00e4 Pole Attic Sastamalan kanssa Hyrkin suulissa<\/li>\n<li>Joulutanssin\u00e4yt\u00f6s Dance Dance Dance Sylv\u00e4\u00e4n koulun auditoriossa<\/li>\n<li>Kulttuuriapurahojen jakotilaisuus Jaatsilla<\/li>\n<li>Sastamalakoti<\/li>\n<li>Kev\u00e4ttanssin\u00e4yt\u00f6s Matka maailman ymp\u00e4ri Sylv\u00e4\u00e4n koulun auditoriossa<\/li>\n<\/ul>\n<p>Danzaressa tanssivat tanssivuoden 2015-16 Fanni Anttoora, Matilda Orpana, Amanda Orpana, Melina J\u00e4rvinen, Viivi Kranni, Alliu J\u00e4rvinen, Sanni Rusama, Linnea J\u00e4rvien ja Nita Savela.<\/p>\n<p>Kisat:<\/p>\n<ul>\n<li>Syyshelmi-showtanssikilpailu<\/li>\n<li>Dance &amp; Show Me<\/li>\n<li>Stoori<\/li>\n<li>Magic Move<\/li>\n<li>Power Mover aluekisat ja finaali<\/li>\n<li>Py\u00f6rre<\/li>\n<\/ul>\n<p>Esiintymiset:<\/p>\n<ul>\n<li>Danzaren Syystanssin\u00e4yt\u00f6s Hyrkin suulissa<\/li>\n<li>tanssistudion joulutanssn\u00e4yt\u00f6s &#8221;Elokuvamusiikin siivin &#8211; 50v&#8221;<\/li>\n<li>5.12.15 50v-syntym\u00e4p\u00e4iv\u00e4juhlissa<\/li>\n<li>tanssistudion joulujuhlat<\/li>\n<li>tanssistudion kev\u00e4ttanssin\u00e4yt\u00f6s &#8221;Prinsessa Ruusunen&#8221;<\/li>\n<li>tanssistudion kev\u00e4tjuhlat<\/li>\n<\/ul>\n<p>Ensimm\u00e4isten valintatestien perusteella Danzaressa tanssivat tanssivuoden 2014-15 Matilda Orpana, Fanni Anttoora, Amanda Orpana, Melina J\u00e4rvinen, Viivi Kranni ja Alli J\u00e4rvinen.<\/p>\n<p>Ensimm\u00e4iset kilpailut olivat 8.11.14 Iittalassa eli Iiittalan Tanssin j\u00e4rjest\u00e4m\u00e4 &#8221;Lasin Juhlaa&#8221;. Kisoihin osallistuttiin 3 koreografialla:<\/p>\n<ul>\n<li>lasten 7-11v koreografialla &#8221;Lasitanssiaiset&#8221;, jossa tanssivat Amanda Orpana, Melina J\u00e4rvinen, Viivi Kranni ja Alli J\u00e4rvinen. Tyt\u00f6t sijoittuivat hienosti omalla koreografiallaan 3. sijalle ja saivat palkinnoksi Iiitalan lasipalkinnon<\/li>\n<li>Kisoihin osallistuttiin lis\u00e4ksi Matilda Orpanan ja Fanni Anttooran koreografialla &#8221;Lasinukke&#8221; (nuoret 12-16v), jossa tanssi my\u00f6s Melina J\u00e4rvinen sek\u00e4 Minnan koreografialla &#8221;Kristalli&#8221; (yleinen alle 11v), jossa tanssivat kaikki Danzaren tyt\u00f6t.<\/li>\n<\/ul>\n<p>Power Mover aluekisat Hauholla 29.4.2015 Matilda ja Fanni tanssivat omalla koreografiallaan &#8221;Soturit&#8221; sijoittuen hienosti E-sarjassa (yl\u00e4koulu&amp;lukio) 2. sijalle ja olivat ehdolla my\u00f6s finaaliin.<\/p>\n<p>Py\u00f6rre-mestaruuskisoihin 23.5.15 Tampereella osallistuttiin viidell\u00e4 koreografialla:<\/p>\n<ul>\n<li>&#8221;Phantom of the Opera&#8221; yli 16v ryhm\u00e4t Matilda Orpana, Fanni Anttoora ja Aino Salmi<\/li>\n<li>Duo yli 12v : Matilda ja Fanni &#8221;Soturit&#8221;, Amanda Orpana ja Viivi Kranni &#8221;Sudenkorennot&#8221;<\/li>\n<li>Soolo yli 12v Melina J\u00e4rvinen<\/li>\n<li>ryhm\u00e4t\u00a0 Amanda, Viivi, Melina ja Alli j\u00e4rvinen &#8221;Bond`s Angels&#8221;<\/li>\n<\/ul>\n<p>Videohaun perusteella Danzaren koreografia &#8221;Etude&#8221;valittiin SIB DANCE Sibelius-tanssikilpailuihin H\u00e4meenlinnaan 24.5.15. Ty\u00f6t ja koreografia sai paljon kiitosta tuomareilta.<\/p>\n<p>Esiintymiset:<\/p>\n<ul>\n<li>Danzaren Syystanssin\u00e4yt\u00f6s Hyrkin suulissa<\/li>\n<li>tanssistudion joulutanssn\u00e4yt\u00f6s &#8221;Elokuvamusiikin siivin &#8211; 50v&#8221;<\/li>\n<li>5.12.15 50v-syntym\u00e4p\u00e4iv\u00e4juhlissa<\/li>\n<li>tanssistudion joulujuhlat<\/li>\n<li>tanssistudion kev\u00e4ttanssin\u00e4yt\u00f6s &#8221;Prinsessa Ruusunen&#8221;<\/li>\n<li>tanssistudion kev\u00e4tjuhlat<\/li>\n<\/ul>\n<p>Toukokuussa 2014 Matilda ja Fanni osallistuivat omalla duollaan Py\u00f6rre-tanssikilpailuihin Tampereella ja samalla p\u00e4\u00e4tettiin kilpa- ja esiintymisryhm\u00e4n perustamisesta.<\/p>\n<p>Tanssistudio Minna Koski osallistui ensimm\u00e4isen kerran Nuori Kulttuuri kisoihin tanssin osalta maaliskuussa 2013 Lemp\u00e4\u00e4l\u00e4ss\u00e4 kahdella koreografialla.<\/p>\n","protected":false},"excerpt":{"rendered":"<p>Tanssistudion oma kilpa- &amp; esiintymisryhm\u00e4 DANZARE on toiminut syksyst\u00e4 2014 asti. Maaliskuussa 2024 perustettiin uusi ryhm\u00e4 Danzare junior, jossa tanssivat Ella J\u00e4rvinen, Henriikka Kinnanen, Iida Yl\u00e4-Jarkko, Senja Pohjolainen ja Sanni Poskiparta. Syksyll\u00e4 2025 ryhm\u00e4ss\u00e4 aloittaa my\u00f6s Villa Murtagh. Ryhm\u00e4\u00e4n voi hakea seuraavaksi tanssivuodeksi (syksy-kev\u00e4t) aina touko\/kes\u00e4kuussa valintatestien kautta kaikki samana vuonna 12 vuotta t\u00e4ytt\u00e4v\u00e4t. Valintatesteihin &hellip; <a href=\"http:\/\/studiominnakoski.com\/?page_id=88\" class=\"more-link\">Jatka artikkeliin <span class=\"screen-reader-text\">DANZARE &#8211; kilpa- &#038; esiintymisryhm\u00e4<\/span><\/a><\/p>\n","protected":false},"author":2,"featured_media":0,"parent":0,"menu_order":0,"comment_status":"closed","ping_status":"closed","template":"","meta":{"footnotes":""},"_links":{"self":[{"href":"http:\/\/studiominnakoski.com\/index.php?rest_route=\/wp\/v2\/pages\/88"}],"collection":[{"href":"http:\/\/studiominnakoski.com\/index.php?rest_route=\/wp\/v2\/pages"}],"about":[{"href":"http:\/\/studiominnakoski.com\/index.php?rest_route=\/wp\/v2\/types\/page"}],"author":[{"embeddable":true,"href":"http:\/\/studiominnakoski.com\/index.php?rest_route=\/wp\/v2\/users\/2"}],"replies":[{"embeddable":true,"href":"http:\/\/studiominnakoski.com\/index.php?rest_route=%2Fwp%2Fv2%2Fcomments&post=88"}],"version-history":[{"count":15,"href":"http:\/\/studiominnakoski.com\/index.php?rest_route=\/wp\/v2\/pages\/88\/revisions"}],"predecessor-version":[{"id":429,"href":"http:\/\/studiominnakoski.com\/index.php?rest_route=\/wp\/v2\/pages\/88\/revisions\/429"}],"wp:attachment":[{"href":"http:\/\/studiominnakoski.com\/index.php?rest_route=%2Fwp%2Fv2%2Fmedia&parent=88"}],"curies":[{"name":"wp","href":"https:\/\/api.w.org\/{rel}","templated":true}]}}