{"id":10,"date":"2017-01-08T21:45:53","date_gmt":"2017-01-08T21:45:53","guid":{"rendered":"http:\/\/studiominnakoski.com\/?page_id=10"},"modified":"2025-08-04T01:12:24","modified_gmt":"2025-08-03T23:12:24","slug":"tanssitunnit","status":"publish","type":"page","link":"http:\/\/studiominnakoski.com\/?page_id=10","title":{"rendered":"Tanssilukuj\u00e4rjestys syksy 2025"},"content":{"rendered":"<h4><img loading=\"lazy\" decoding=\"async\" class=\"alignnone size-medium wp-image-182\" src=\"http:\/\/studiominnakoski.com\/wp-content\/uploads\/2017\/01\/IMG-7227-300x245.jpg\" alt=\"\" width=\"300\" height=\"245\" srcset=\"http:\/\/studiominnakoski.com\/wp-content\/uploads\/2017\/01\/IMG-7227-300x245.jpg 300w, http:\/\/studiominnakoski.com\/wp-content\/uploads\/2017\/01\/IMG-7227-768x626.jpg 768w, http:\/\/studiominnakoski.com\/wp-content\/uploads\/2017\/01\/IMG-7227-1024x835.jpg 1024w\" sizes=\"(max-width: 300px) 100vw, 300px\" \/><\/h4>\n<h4>Maanantai<\/h4>\n<p>18.00 &#8211; 19.00\u00a0 \u00a0Klassinen baletti\u00a0 2-3<\/p>\n<p>19.00 &#8211; 20.00\u00a0 \u00a0Charleston<\/p>\n<p>20.00 &#8211; 21.00\u00a0 \u00a0Danzare (suljettu esiintymisryhm\u00e4)<\/p>\n<h4>Tiistai<\/h4>\n<p>17.10 &#8211; 18.00\u00a0 \u00a0Tanssiakro\u00a0 7-15v<\/p>\n<p>18.00 &#8211; 18.40\u00a0 \u00a0Esibaletti\u00a0 6v (v\u00e4h. vuoden tanssineet)<\/p>\n<p>18.00 &#8211; 18.50\u00a0 \u00a0Klassinen baletti alkeet\u00a0 7v-<\/p>\n<p>18.50 &#8211; 20.00\u00a0 \u00a0Klassinen baletti 5-9 &amp; aikuisbaletti edistyneet<\/p>\n<h4>Keskiviikko<\/h4>\n<p>17.00 &#8211; 18.00\u00a0 \u00a0Klassinen baletti 2-4<\/p>\n<p>18.00 &#8211; 19.30\u00a0 \u00a0Danzare junior (suljettu esiintymis- ja kilparyhm\u00e4)<\/p>\n<p>19.30 &#8211; 20.30\u00a0 Jazztanssi\u00a0 13v &#8211; aikuiset<\/p>\n<h4>Torstai<\/h4>\n<p>17.20 &#8211; 18.00\u00a0 \u00a0Satubaletti ametisti\u00a0 \u00a0 3-6v<\/p>\n<p>18.00 &#8211; 19.00\u00a0 \u00a0Klassinen baletti perus- &amp; jatkotaso<\/p>\n<p>19.00 &#8211; 20.00\u00a0 \u00a0Aikuisbaletti alkeet &amp; jatko<\/p>\n<p>20.00 &#8211; 21.00\u00a0 \u00a0Klassinen baletti 4-9<\/p>\n<h4>Perjantai<\/h4>\n<p>18.00 &#8211; 19.00\u00a0 \u00a0Lyrical dance\u00a0 \u00a0+12 &#8211; aikuiset\u00a0 (opettajana Ulla Vormisto)<\/p>\n<ul>\n<li>Siirrettyjen ja peruttujen tuntien korvausp\u00e4iv\u00e4 &#8211; tanssistudion tiedotusten mukaan.<\/li>\n<\/ul>\n<p>Ryhm\u00e4 alkaa, jos v\u00e4hint\u00e4\u00e4n 5 ilmoittautuu tanssitunnille (lyrical dance 6) &#8211; poikkeuksia lukuunottamatta. Jos ryhm\u00e4n koko pienenee kesken vuoden alle minimim\u00e4\u00e4r\u00e4n, tunnin tilannetta mietit\u00e4\u00e4n uudestaan joulutauolla ja ryhm\u00e4 yhdistet\u00e4\u00e4n toiseen ryhm\u00e4\u00e4n, jos mahdollista. Jos ryhm\u00e4\u00e4 ei voida yhdist\u00e4\u00e4 toiseen, ryhm\u00e4 saatetaan joutua lopettamaan.<\/p>\n<p>HUOM! Muutokset mahdollisia\u00a0 lukuj\u00e4rjestyksen osalta, jos kaikkiin ryhmiin ei tule minimim\u00e4\u00e4r\u00e4\u00e4.<\/p>\n","protected":false},"excerpt":{"rendered":"<p>Maanantai 18.00 &#8211; 19.00\u00a0 \u00a0Klassinen baletti\u00a0 2-3 19.00 &#8211; 20.00\u00a0 \u00a0Charleston 20.00 &#8211; 21.00\u00a0 \u00a0Danzare (suljettu esiintymisryhm\u00e4) Tiistai 17.10 &#8211; 18.00\u00a0 \u00a0Tanssiakro\u00a0 7-15v 18.00 &#8211; 18.40\u00a0 \u00a0Esibaletti\u00a0 6v (v\u00e4h. vuoden tanssineet) 18.00 &#8211; 18.50\u00a0 \u00a0Klassinen baletti alkeet\u00a0 7v- 18.50 &#8211; 20.00\u00a0 \u00a0Klassinen baletti 5-9 &amp; aikuisbaletti edistyneet Keskiviikko 17.00 &#8211; 18.00\u00a0 \u00a0Klassinen baletti 2-4 18.00 &hellip; <a href=\"http:\/\/studiominnakoski.com\/?page_id=10\" class=\"more-link\">Jatka artikkeliin <span class=\"screen-reader-text\">Tanssilukuj\u00e4rjestys syksy 2025<\/span><\/a><\/p>\n","protected":false},"author":1,"featured_media":0,"parent":0,"menu_order":0,"comment_status":"closed","ping_status":"closed","template":"","meta":{"footnotes":""},"_links":{"self":[{"href":"http:\/\/studiominnakoski.com\/index.php?rest_route=\/wp\/v2\/pages\/10"}],"collection":[{"href":"http:\/\/studiominnakoski.com\/index.php?rest_route=\/wp\/v2\/pages"}],"about":[{"href":"http:\/\/studiominnakoski.com\/index.php?rest_route=\/wp\/v2\/types\/page"}],"author":[{"embeddable":true,"href":"http:\/\/studiominnakoski.com\/index.php?rest_route=\/wp\/v2\/users\/1"}],"replies":[{"embeddable":true,"href":"http:\/\/studiominnakoski.com\/index.php?rest_route=%2Fwp%2Fv2%2Fcomments&post=10"}],"version-history":[{"count":28,"href":"http:\/\/studiominnakoski.com\/index.php?rest_route=\/wp\/v2\/pages\/10\/revisions"}],"predecessor-version":[{"id":440,"href":"http:\/\/studiominnakoski.com\/index.php?rest_route=\/wp\/v2\/pages\/10\/revisions\/440"}],"wp:attachment":[{"href":"http:\/\/studiominnakoski.com\/index.php?rest_route=%2Fwp%2Fv2%2Fmedia&parent=10"}],"curies":[{"name":"wp","href":"https:\/\/api.w.org\/{rel}","templated":true}]}}